{"id":278,"date":"2017-01-30T19:45:49","date_gmt":"2017-01-30T19:45:49","guid":{"rendered":"http:\/\/projetailleurs.com\/?page_id=278"},"modified":"2017-03-06T12:09:50","modified_gmt":"2017-03-06T11:09:50","slug":"qui-sommes-nous","status":"publish","type":"page","link":"http:\/\/projetailleurs.com\/en-GB\/qui-sommes-nous\/","title":{"rendered":"Qui sommes-Nous"},"content":{"rendered":"<div id=\"pl-278\"  class=\"panel-layout\" ><div id=\"pg-278-0\"  class=\"panel-grid panel-has-style\" ><div style=\"padding: 40px 0; \" data-overlay=\"true\" data-overlay-color=\"#000000\" class=\"panel-row-style panel-row-style-for-278-0\" ><div id=\"pgc-278-0-0\"  class=\"panel-grid-cell\" ><div id=\"panel-278-0-0-0\" class=\"so-panel widget widget_sow-headline panel-first-child panel-last-child\" data-index=\"0\" ><div style=\"text-align: left;\" data-title-color=\"#443f3f\" data-headings-color=\"#443f3f\" class=\"panel-widget-style panel-widget-style-for-278-0-0-0\" ><div class=\"so-widget-sow-headline so-widget-sow-headline-default-c430c2bba855\"><div class=\"sow-headline-container \">\n\t<h1 class='sow-headline'>Qui sommes-nous ?<\/h1>\t\t\t\t\t<div class=\"decoration\">\n\t\t\t\t\t\t<div class=\"decoration-inside\"><\/div>\n\t\t\t\t\t<\/div>\n\t\t\t\t\t<\/div><\/div><\/div><\/div><\/div><\/div><\/div><div id=\"pg-278-1\"  class=\"panel-grid panel-has-style\" ><div style=\"padding: 40px 0; \" data-overlay=\"true\" data-overlay-color=\"#000000\" class=\"panel-row-style panel-row-style-for-278-1\" ><div id=\"pgc-278-1-0\"  class=\"panel-grid-cell\" ><div id=\"panel-278-1-0-0\" class=\"so-panel widget widget_sow-editor panel-first-child panel-last-child\" data-index=\"1\" ><div style=\"text-align: left;\" data-title-color=\"#443f3f\" data-headings-color=\"#443f3f\" class=\"panel-widget-style panel-widget-style-for-278-1-0-0\" ><div class=\"so-widget-sow-editor so-widget-sow-editor-base\"><h3 class=\"widget-title\">MANIFESTO<\/h3>\n<div class=\"siteorigin-widget-tinymce textwidget\">\n\t<p>Tu sais que tu as du potentiel pour cr\u00e9er des vid\u00e9os, mais tu as du mal \u00e0 d\u00e9buter car tu t\u2019imagines qu\u2019apprendre \u00e0 faire des vid\u00e9os est un truc qu\u2019on \u00e9tudie \u00e0 l\u2019universit\u00e9. Ce n\u2019est pas faux, mais restons r\u00e9alistes car tu n\u2019as pas le temps ni m\u00eame l\u2019argent pour te permettre une formation acad\u00e9mique qui de toute fa\u00e7on ne te conviendrait peut-\u00eatre pas. Pourquoi? Parce que pour l\u2019instant, ta principale pr\u00e9occupation est d\u2019apprendre \u00e0 faire des vid\u00e9os et pas un film avec un budget en milliards d\u2019euros \u00e0 Hollywood. <\/p>\n<p>En fait, tu veux savoir comment fonctionne ta cam\u00e9ra pour finalement, mieux r\u00e9ussir \u00e0 raconter une histoire et faire passer un message. Le moyen d\u2019expression que tu veux utiliser est la vid\u00e9o, et pour bien r\u00e9ussir \u00e0 t\u2019exprimer tu as besoin de te centrer sur la mani\u00e8re de fa\u00e7onner l\u2019histoire telle que tu l\u2019as imagin\u00e9e. L\u2019important pour toi est avant tout de ne pas rester bloqu\u00e9 avec les probl\u00e9matiques d\u2019utilisation d\u2019un outil.<\/p>\n<p>Si les outils ne te lib\u00e8rent pas, si les outils deviennent des contraintes plut\u00f4t qu\u2019une aide \u00e0 r\u00e9soudre des probl\u00e8mes, tu es en train de censurer ta cr\u00e9ativit\u00e9.<\/p>\n<p>Je me trouvais comme toi, et je me suis pos\u00e9 la question \u201cpar o\u00f9 commencer?\u201d<\/p>\n<p>Construis petit \u00e0 petit selon tes besoins, apprend au fur et \u00e0 mesure. Investir dans du mat\u00e9riel, c\u2019est quelque chose qu\u2019on fait par \u00e9tapes, quand on a besoin de r\u00e9soudre un probl\u00e8me sp\u00e9cifique, par exemple :<\/p>\n<p>\u201cj\u2019ai besoin d\u2019une cam\u00e9ra qui me donne un grand angle car j\u2019ai un blog et j\u2019ai besoin de plus d\u2019espace dans le plan\u201d, ou m\u00eame \u201dj\u2019ai besoin d\u2019une cam\u00e9ra avec une batterie plus performante car je bouge partout sans pouvoir charger les batteries pendent longtemps\u201d, etc\u2026<\/p>\n<p>Cette cascade de questions, de recherche de tr\u00e9sors, de se mettre en question et d\u2019apprendre, c\u2019est l\u2019inspiration de ce blog. Ca fait 1 an que je me suis pos\u00e9 cette premi\u00e8re question et que j\u2019ai d\u00e9cid\u00e9 de me mettre \u00e0 l\u2019action. Je suis convaincu que tout ce que je suis en train d\u2019apprendre t\u2019int\u00e9resse, et je veux le partager avec toi.<\/p>\n<p>Bienvenue \u00e0 projet ailleurs, un blog qui nait de l\u2019inter\u00eat d\u2019apprendre \u00e0 faire des vid\u00e9os.<\/p>\n<\/div>\n<\/div><\/div><\/div><\/div><\/div><\/div><div id=\"pg-278-2\"  class=\"panel-grid panel-has-style\" ><div style=\"padding: 2% 0; \" data-overlay=\"true\" data-overlay-color=\"#000000\" class=\"panel-row-style panel-row-style-for-278-2\" ><div id=\"pgc-278-2-0\"  class=\"panel-grid-cell\" ><div id=\"panel-278-2-0-0\" class=\"so-panel widget widget_sow-editor panel-first-child panel-last-child\" data-index=\"2\" ><div style=\"text-align: left;\" data-title-color=\"#443f3f\" data-headings-color=\"#443f3f\" class=\"panel-widget-style panel-widget-style-for-278-2-0-0\" ><div class=\"so-widget-sow-editor so-widget-sow-editor-base\">\n<div class=\"siteorigin-widget-tinymce textwidget\">\n\t<p>Vers mi - 2015 Nous avons cr\u00e9e le projet MGHW. <\/p>\n<p>Ce collectif nait naturellement d\u2019une communion fructueuse autour de notre int\u00e9r\u00eat commun pour l\u2019image.<\/p>\n<p>Nous avons tous les deux une formation artistique, nous partageons les m\u00eames valeurs, chacun avec ses perspectives et ses conceptions mais en tout cas, cette conjonction a bien fonctionn\u00e9 depuis le d\u00e9part.<\/p>\n<\/p>\n<p>Projet ailleurs c\u2019est un journal de notre parcours, un blog qui parle de sortir de la routine du quotidien en apprenant \u00e0 raconter nos histoires en vid\u00e9o. <\/p>\n<p>Projet ailleurs a pour but de t\u2019encourager si tu veux te lancer toi aussi car nous n\u2019avons aucun doute sur ta r\u00e9ussite! <\/p>\n<p>Dans nos contenus nous parlons du mat\u00e9riel que nous utilisons. Nous donnons des r\u00e9f\u00e9rences, mais nous sommes ind\u00e9pendants et ne travaillons pour aucune marque.<\/p><\/p>\n<\/div>\n<\/div><\/div><\/div><\/div><div id=\"pgc-278-2-1\"  class=\"panel-grid-cell\" ><div id=\"panel-278-2-1-0\" class=\"so-panel widget widget_sow-image panel-first-child panel-last-child\" data-index=\"3\" ><div style=\"text-align: left;\" data-title-color=\"#443f3f\" data-headings-color=\"#443f3f\" class=\"panel-widget-style panel-widget-style-for-278-2-1-0\" ><div class=\"so-widget-sow-image so-widget-sow-image-default-d6014b76747a\">\n\n<div class=\"sow-image-container\">\n\t<img loading=\"lazy\" decoding=\"async\" src=\"http:\/\/projetailleurs.com\/wp-content\/uploads\/2017\/01\/Chromostereopsis.png\" width=\"1506\" height=\"1454\" srcset=\"http:\/\/projetailleurs.com\/wp-content\/uploads\/2017\/01\/Chromostereopsis.png 1506w, http:\/\/projetailleurs.com\/wp-content\/uploads\/2017\/01\/Chromostereopsis-1024x989.png 1024w, http:\/\/projetailleurs.com\/wp-content\/uploads\/2017\/01\/Chromostereopsis-768x741.png 768w, http:\/\/projetailleurs.com\/wp-content\/uploads\/2017\/01\/Chromostereopsis-830x801.png 830w, http:\/\/projetailleurs.com\/wp-content\/uploads\/2017\/01\/Chromostereopsis-230x222.png 230w, http:\/\/projetailleurs.com\/wp-content\/uploads\/2017\/01\/Chromostereopsis-350x338.png 350w, http:\/\/projetailleurs.com\/wp-content\/uploads\/2017\/01\/Chromostereopsis-480x463.png 480w\" sizes=\"(max-width: 1506px) 100vw, 1506px\" title=\"MGHW\" alt=\"MGHW\" \t\tclass=\"so-widget-image\"\/>\n<\/div>\n\n<\/div><\/div><\/div><\/div><\/div><\/div><div id=\"pg-278-3\"  class=\"panel-grid panel-has-style\" ><div style=\"padding: 100px 0; \" data-overlay=\"true\" data-overlay-color=\"#000000\" class=\"panel-row-style panel-row-style-for-278-3\" ><div id=\"pgc-278-3-0\"  class=\"panel-grid-cell\" ><div id=\"panel-278-3-0-0\" class=\"so-panel widget widget_sow-image panel-first-child\" data-index=\"4\" ><div style=\"text-align: center;\" data-title-color=\"#443f3f\" data-headings-color=\"#443f3f\" class=\"panel-widget-style panel-widget-style-for-278-3-0-0\" ><div class=\"so-widget-sow-image so-widget-sow-image-default-17bc2272b535\">\n\n<div class=\"sow-image-container\">\n\t<img loading=\"lazy\" decoding=\"async\" src=\"http:\/\/projetailleurs.com\/wp-content\/uploads\/2017\/01\/Hector-1.png\" width=\"310\" height=\"309\" srcset=\"http:\/\/projetailleurs.com\/wp-content\/uploads\/2017\/01\/Hector-1.png 310w, http:\/\/projetailleurs.com\/wp-content\/uploads\/2017\/01\/Hector-1-150x150.png 150w, http:\/\/projetailleurs.com\/wp-content\/uploads\/2017\/01\/Hector-1-230x229.png 230w\" sizes=\"(max-width: 310px) 100vw, 310px\" title=\"Hector\" alt=\"\" \t\tclass=\"so-widget-image\"\/>\n<\/div>\n\n<\/div><\/div><\/div><div id=\"panel-278-3-0-1\" class=\"so-panel widget widget_sow-editor\" data-index=\"5\" ><div style=\"text-align: center;\" data-title-color=\"#443f3f\" data-headings-color=\"#443f3f\" class=\"panel-widget-style panel-widget-style-for-278-3-0-1\" ><div class=\"so-widget-sow-editor so-widget-sow-editor-base\">\n<div class=\"siteorigin-widget-tinymce textwidget\">\n\t<h5>Hector Granero<\/h5>\n<\/div>\n<\/div><\/div><\/div><div id=\"panel-278-3-0-2\" class=\"so-panel widget widget_sow-editor panel-last-child\" data-index=\"6\" ><div style=\"text-align: right;\" data-title-color=\"#443f3f\" data-headings-color=\"#443f3f\" class=\"panel-widget-style panel-widget-style-for-278-3-0-2\" ><div class=\"so-widget-sow-editor so-widget-sow-editor-base\">\n<div class=\"siteorigin-widget-tinymce textwidget\">\n\t<p>Je suis arriv\u00e9 en France il y \u00e0 4 ans, oui, je suis \u00e9tranger, espagnol, \u201cvalenciano\u201d. Je fait partie de ce groupe de jeunes dipl\u00f4m\u00e9s qui apr\u00e8s la crise \u00e9conomique et immobili\u00e8re, a \u00e9migr\u00e9 ailleurs \u00e0 la recherche de ses r\u00eaves. En Espagne, on nous appelle \u201cla generacion perdida\u201d, \u00e9migr\u00e9s quoi, mais avec l\u2019avantage d\u2019\u00eatre citoyen europ\u00e9en. <\/p>\n<p>j\u2019ai atterri \u00e0 Paris presque par hasard, coup de coeur direct, j\u2019\u00e9tais tomb\u00e9 amoureux de ce pays.<\/p>\n<p>Maintenant je travaille \u00e0 temps complet comme infographiste dans une grande soci\u00e9t\u00e9. Depuis toujours l\u2019image en mouvement m\u2019a attir\u00e9 de fa\u00e7on extraordinaire, et il y a un an, j\u2019ai d\u00e9cid\u00e9 de commencer l\u2019apprentissage de cr\u00e9ation vid\u00e9o en autodidacte pendant mon temps libre. <\/p>\n<p> j\u2019ai pris cela au s\u00e9rieux et maintenant oui, moi je fais des videos et je veux partager mes connaissances et apprentissage avec toi. <\/p>\n<\/div>\n<\/div><\/div><\/div><\/div><div id=\"pgc-278-3-1\"  class=\"panel-grid-cell\" ><div id=\"panel-278-3-1-0\" class=\"so-panel widget widget_sow-image panel-first-child\" data-index=\"7\" ><div style=\"text-align: center;\" data-title-color=\"#443f3f\" data-headings-color=\"#443f3f\" class=\"panel-widget-style panel-widget-style-for-278-3-1-0\" ><div class=\"so-widget-sow-image so-widget-sow-image-default-17bc2272b535\">\n\n<div class=\"sow-image-container\">\n\t<img loading=\"lazy\" decoding=\"async\" src=\"http:\/\/projetailleurs.com\/wp-content\/uploads\/2017\/01\/Marie.png\" width=\"310\" height=\"309\" srcset=\"http:\/\/projetailleurs.com\/wp-content\/uploads\/2017\/01\/Marie.png 310w, http:\/\/projetailleurs.com\/wp-content\/uploads\/2017\/01\/Marie-150x150.png 150w, http:\/\/projetailleurs.com\/wp-content\/uploads\/2017\/01\/Marie-230x229.png 230w\" sizes=\"(max-width: 310px) 100vw, 310px\" title=\"Marie Mitliebe\" alt=\"\" \t\tclass=\"so-widget-image\"\/>\n<\/div>\n\n<\/div><\/div><\/div><div id=\"panel-278-3-1-1\" class=\"so-panel widget widget_sow-editor\" data-index=\"8\" ><div style=\"text-align: center;\" data-title-color=\"#443f3f\" data-headings-color=\"#443f3f\" class=\"panel-widget-style panel-widget-style-for-278-3-1-1\" ><div class=\"so-widget-sow-editor so-widget-sow-editor-base\">\n<div class=\"siteorigin-widget-tinymce textwidget\">\n\t<h5>Marie Mitliebe<\/h5>\n<\/div>\n<\/div><\/div><\/div><div id=\"panel-278-3-1-2\" class=\"so-panel widget widget_sow-editor panel-last-child\" data-index=\"9\" ><div style=\"text-align: left;\" data-title-color=\"#443f3f\" data-headings-color=\"#443f3f\" class=\"panel-widget-style panel-widget-style-for-278-3-1-2\" ><div class=\"so-widget-sow-editor so-widget-sow-editor-base\">\n<div class=\"siteorigin-widget-tinymce textwidget\">\n\t<p>Arriv\u00e9e \u00e0 Paris il y 8 ans apr\u00e8s des \u00e9tudes d\u2019Arts Plastiques, je&nbsp;travaille dans l\u2019enseignement.<\/p>\n<p>J\u2019ai \u00e9tudi\u00e9 la photographie en autodidacte mais je m\u2019int\u00e9resse \u00e0&nbsp;tous les m\u00e9diums et j\u2019aime avant tout exp\u00e9rimenter.<\/p>\n<p>On a tous des envies, des id\u00e9es mais pas toujours la motivation ou les moyens techniques pour les&nbsp;r\u00e9aliser et lorsque H\u00e8ctor m\u2019a propos\u00e9 de cr\u00e9er un blog je me suis dit que c\u2019\u00e9tait id\u00e9al pour poursuivre mes recherches et&nbsp;partager ce parcours.&nbsp;Je pars de mon exp\u00e9rience et&nbsp;j\u2019essaie principalement de r\u00e9pondre aux questions et aux probl\u00e8mes que j\u2019ai rencontr\u00e9s pour encourager les autres en donnant des cl\u00e9s pour avancer.<\/p>\n<p>A part \u00e7a, je relis aussi&nbsp;les articles pour aider H\u00e8ctor \u00e0 r\u00e9diger en fran\u00e7ais!<\/p>\n<\/div>\n<\/div><\/div><\/div><\/div><\/div><\/div><div id=\"pg-278-4\"  class=\"panel-grid panel-has-style\" ><div style=\"padding: 2% 0; \" data-overlay=\"true\" data-overlay-color=\"#000000\" class=\"panel-row-style panel-row-style-for-278-4\" ><div id=\"pgc-278-4-0\"  class=\"panel-grid-cell\" ><div id=\"panel-278-4-0-0\" class=\"so-panel widget widget_sow-editor panel-first-child panel-last-child\" data-index=\"10\" ><div style=\"text-align: left;\" data-title-color=\"#443f3f\" data-headings-color=\"#443f3f\" class=\"panel-widget-style panel-widget-style-for-278-4-0-0\" ><div class=\"so-widget-sow-editor so-widget-sow-editor-base\"><h3 class=\"widget-title\">Si tu veux nous soutenir <\/h3>\n<div class=\"siteorigin-widget-tinymce textwidget\">\n\t<p>N\u2019aie pas peur de participer, tu peux nous soutenir de plusieurs fa\u00e7ons<\/p>\n<p>-exprime-toi dans les commentaires<\/p>\n<p>-partage les contenus <\/p>\n<p>-inscris toi \u00e0 notre newsletter<\/p>\n<p>-Si tu es motiv\u00e9 tu peux faire une donation (qui servira \u00e0 d\u00e9velopper ce projet)<\/p>\n<p>Si tu aimes bien notre travail, en donnant juste un petit montant c\u2019est une tr\u00e8s belle fa\u00e7on de dire Merci, comme si tu nous offrais un caf\u00e9. <\/p>\n<\/div>\n<\/div><\/div><\/div><\/div><div id=\"pgc-278-4-1\"  class=\"panel-grid-cell\" ><div id=\"panel-278-4-1-0\" class=\"so-panel widget widget_text panel-first-child panel-last-child\" data-index=\"11\" ><div style=\"text-align: center;\" data-title-color=\"#443f3f\" data-headings-color=\"#443f3f\" class=\"panel-widget-style panel-widget-style-for-278-4-1-0\" >\t\t\t<div class=\"textwidget\"><form action=\"https:\/\/www.paypal.com\/cgi-bin\/webscr\" method=\"post\" target=\"_top\">\n<input type=\"hidden\" name=\"cmd\" value=\"_s-xclick\">\n<input type=\"hidden\" name=\"hosted_button_id\" value=\"N5ZDFQWWDFX2J\">\n<input type=\"image\" src=\"https:\/\/www.paypalobjects.com\/fr_FR\/FR\/i\/btn\/btn_donateCC_LG.gif\" border=\"0\" name=\"submit\" alt=\"PayPal, le r\u00e9flexe s\u00e9curit\u00e9 pour payer en ligne\">\n<img loading=\"lazy\" decoding=\"async\" alt=\"\" border=\"0\" src=\"https:\/\/www.paypalobjects.com\/fr_FR\/i\/scr\/pixel.gif\" width=\"1\" height=\"1\">\n<\/form>\n<\/div>\n\t\t<\/div><\/div><\/div><\/div><\/div><div id=\"pg-278-5\"  class=\"panel-grid panel-has-style\" ><div class=\"siteorigin-panels-stretch panel-row-style panel-row-style-for-278-5\" style=\"padding: 100px 0; \" data-stretch-type=\"full-stretched\" data-overlay=\"true\" data-overlay-color=\"#000000\" ><div id=\"pgc-278-5-0\"  class=\"panel-grid-cell\" ><div id=\"panel-278-5-0-0\" class=\"so-panel widget widget_sow-image panel-first-child panel-last-child\" data-index=\"12\" ><div style=\"text-align: center;\" data-title-color=\"#443f3f\" data-headings-color=\"#443f3f\" class=\"panel-widget-style panel-widget-style-for-278-5-0-0\" ><div class=\"so-widget-sow-image so-widget-sow-image-default-17bc2272b535\">\n\n<div class=\"sow-image-container\">\n\t<img loading=\"lazy\" decoding=\"async\" src=\"http:\/\/projetailleurs.com\/wp-content\/uploads\/2017\/01\/MGHWbanner.jpg\" width=\"1920\" height=\"849\" srcset=\"http:\/\/projetailleurs.com\/wp-content\/uploads\/2017\/01\/MGHWbanner.jpg 1920w, http:\/\/projetailleurs.com\/wp-content\/uploads\/2017\/01\/MGHWbanner-1024x453.jpg 1024w, http:\/\/projetailleurs.com\/wp-content\/uploads\/2017\/01\/MGHWbanner-768x340.jpg 768w, http:\/\/projetailleurs.com\/wp-content\/uploads\/2017\/01\/MGHWbanner-830x367.jpg 830w, http:\/\/projetailleurs.com\/wp-content\/uploads\/2017\/01\/MGHWbanner-230x102.jpg 230w, http:\/\/projetailleurs.com\/wp-content\/uploads\/2017\/01\/MGHWbanner-350x155.jpg 350w, http:\/\/projetailleurs.com\/wp-content\/uploads\/2017\/01\/MGHWbanner-480x212.jpg 480w\" sizes=\"(max-width: 1920px) 100vw, 1920px\" alt=\"\" \t\tclass=\"so-widget-image\"\/>\n<\/div>\n\n<\/div><\/div><\/div><\/div><\/div><\/div><\/div>","protected":false},"excerpt":{"rendered":"<p>Tu sais que tu as du potentiel pour cr\u00e9er des vid\u00e9os, mais tu as du mal \u00e0 d\u00e9buter car tu t\u2019imagines qu\u2019apprendre \u00e0 faire des vid\u00e9os est un truc qu\u2019on \u00e9tudie \u00e0 l\u2019universit\u00e9. Ce n\u2019est pas faux, mais restons r\u00e9alistes car tu n\u2019as pas le temps ni m\u00eame l\u2019argent pour te permettre une formation acad\u00e9mique [&hellip;]<\/p>\n","protected":false},"author":1,"featured_media":0,"parent":0,"menu_order":0,"comment_status":"closed","ping_status":"closed","template":"","meta":{"footnotes":"","_locale":"en_GB","_original_post":"278"},"_links":{"self":[{"href":"http:\/\/projetailleurs.com\/wp-json\/wp\/v2\/pages\/278"}],"collection":[{"href":"http:\/\/projetailleurs.com\/wp-json\/wp\/v2\/pages"}],"about":[{"href":"http:\/\/projetailleurs.com\/wp-json\/wp\/v2\/types\/page"}],"author":[{"embeddable":true,"href":"http:\/\/projetailleurs.com\/wp-json\/wp\/v2\/users\/1"}],"replies":[{"embeddable":true,"href":"http:\/\/projetailleurs.com\/wp-json\/wp\/v2\/comments?post=278"}],"version-history":[{"count":7,"href":"http:\/\/projetailleurs.com\/wp-json\/wp\/v2\/pages\/278\/revisions"}],"predecessor-version":[{"id":519,"href":"http:\/\/projetailleurs.com\/wp-json\/wp\/v2\/pages\/278\/revisions\/519"}],"wp:attachment":[{"href":"http:\/\/projetailleurs.com\/wp-json\/wp\/v2\/media?parent=278"}],"curies":[{"name":"wp","href":"https:\/\/api.w.org\/{rel}","templated":true}]}}